{"id":149,"date":"2015-07-13T08:02:11","date_gmt":"2015-07-13T08:02:11","guid":{"rendered":"http:\/\/farmacies.ecoceutics.com\/?page_id=149"},"modified":"2022-03-08T16:25:34","modified_gmt":"2022-03-08T16:25:34","slug":"farmacias-de-guardia","status":"publish","type":"page","link":"https:\/\/www.farmaciavila.com\/es\/farmacias-de-guardia\/","title":{"rendered":"Farmacias de guardia\/"},"content":{"rendered":"<h1><strong>Marzo\/<\/strong><\/h1>\n<div class=\"table-responsive\">\n<table id=\"calendari\" style=\"width: 825px;height: 500px\" border=\"0\" cellspacing=\"1\" cellpadding=\"0\" bgcolor=\"#38352a\">\n<thead>\n<tr>\n<th>Lunes<\/th>\n<th>Martes<\/th>\n<th>Mi\u00e9rcoles<\/th>\n<th>Jueves<\/th>\n<th>Viernes<\/th>\n<th>S\u00e1bado<\/th>\n<th>Domingo<\/th>\n<\/tr>\n<\/thead>\n<tbody>\n<tr class=\"lgreen\">\n<td><\/td>\n<td><label>1<\/label><strong>Sala-Garcia<\/strong><br \/>\nSan Mariano, 99<\/td>\n<td><label>2<\/label><strong>Montes<\/strong><br \/>\nPl\u00e7a. Hispanitat<\/td>\n<td><label>3<\/label><strong>B del Romero<\/strong><br \/>\nPere Sala, 60<\/td>\n<td><label>4<\/label><strong>Niub\u00f3<\/strong><br \/>\nAv. Gav\u00e0, 13<\/td>\n<td><label>5<\/label><strong>Uriz<\/strong><br \/>\nAvinguda de Miramar, 7<\/td>\n<td><label>6<\/label><strong>Sol 67<\/strong><br \/>\nDel Sol, 67<\/td>\n<\/tr>\n<tr>\n<td><label>7<\/label><strong>Baltasar<\/strong><br \/>\nCarrer de Guifr\u00e9 el Pel\u00f3s, 36<\/td>\n<td><label>8<\/label><strong>Nicol\u00e0s<\/strong><br \/>\nCarrer Prat de la Riba, 66<\/td>\n<td><label>9<\/label><strong>Uriarte<\/strong><br \/>\nDr. Reig, 67<\/td>\n<td><label>10<\/label><strong>Culler\u00e9<\/strong><br \/>\nAv. de la Generalitat, 28<\/td>\n<td><label>11<\/label><strong>Rocabeyera<\/strong><br \/>\nJosep Irla, 5<\/td>\n<td><label>12<\/label><strong>Vilamarina<\/strong><br \/>\nAv. Segle XXI, 6<\/td>\n<td><label>13<\/label><strong>Berga-Culler\u00e9<\/strong><br \/>\nSant Climent, 58<\/td>\n<\/tr>\n<tr class=\"lgreen\">\n<td><label>14<\/label><strong>Vil\u00e0<\/strong><br \/>\nAvinguda Mol\u00ed, 37<\/td>\n<td><label>15<\/label><strong>Mart\u00ednez<\/strong><br \/>\nPla\u00e7a de l&#8217;Arquebisbe Modrego, 11<\/td>\n<td><label>16<\/label><strong>De la riera<\/strong><br \/>\nAv. de Francesc Maci\u00e0, 17<\/td>\n<td><label>17<\/label><strong>Garrido<\/strong><br \/>\nDr. Auguet, 82<\/td>\n<td><label>18<\/label><strong>Berga<\/strong><br \/>\nJaume Abril, 23<\/td>\n<td><label>19<\/label><strong>Sala-Garcia<\/strong><br \/>\nSan Mariano, 99<\/td>\n<td><label>20<\/label><strong>Montes<\/strong><br \/>\nPl\u00e7a. Hispanitat<\/td>\n<\/tr>\n<tr>\n<td><label>21<\/label><strong>B del Romero<\/strong><br \/>\nPere Sala, 60<\/td>\n<td><label>22<\/label><strong>Niub\u00f3<\/strong><br \/>\nAv. Gav\u00e0, 13<\/td>\n<td><label>23<\/label><strong>Uriz<\/strong><br \/>\nAvinguda de Miramar, 7<\/td>\n<td><label>24<\/label><strong>Sol 67<\/strong><br \/>\nDel Sol, 67<\/td>\n<td><label>25<\/label><strong>Baltasar<\/strong><br \/>\nCarrer de Guifr\u00e9 el Pel\u00f3s, 36<\/td>\n<td><label>26<\/label><strong>Nicol\u00e0s<\/strong><br \/>\nCarrer Prat de la Riba, 66<\/td>\n<td><label>27<\/label><strong>Uriarte<\/strong><br \/>\nDr. Reig, 67<\/td>\n<\/tr>\n<tr class=\"lgreen\">\n<td><label>28<\/label><strong>Culler\u00e9<\/strong><br \/>\nAv. de la Generalitat, 28<\/td>\n<td><label>29<\/label><strong>Rocabeyera<\/strong><br \/>\nJosep Irla, 5<\/td>\n<td><label>30<\/label><strong>Vilamarina<\/strong><br \/>\nAv. Segle XXI, 6<\/td>\n<td><label>31<\/label><strong>Berga-Culler\u00e9<\/strong><br \/>\nSant Climent, 58<\/td>\n<td><\/td>\n<td><\/td>\n<td><\/td>\n<\/tr>\n<\/tbody>\n<\/table>\n<\/div>\n","protected":false},"excerpt":{"rendered":"<p>Marzo\/ Lunes Martes Mi\u00e9rcoles Jueves Viernes S\u00e1bado Domingo 1Sala-Garcia San Mariano, 99 2Montes Pl\u00e7a. Hispanitat 3B del Romero Pere Sala, 60 4Niub\u00f3 Av. Gav\u00e0, 13 5Uriz Avinguda de Miramar, 7 6Sol 67 Del Sol, 67 7Baltasar Carrer de Guifr\u00e9 el&#8230;<\/p>\n","protected":false},"author":1,"featured_media":0,"parent":0,"menu_order":0,"comment_status":"open","ping_status":"open","template":"","meta":{"footnotes":""},"class_list":["post-149","page","type-page","status-publish","hentry"],"_links":{"self":[{"href":"https:\/\/www.farmaciavila.com\/es\/wp-json\/wp\/v2\/pages\/149","targetHints":{"allow":["GET"]}}],"collection":[{"href":"https:\/\/www.farmaciavila.com\/es\/wp-json\/wp\/v2\/pages"}],"about":[{"href":"https:\/\/www.farmaciavila.com\/es\/wp-json\/wp\/v2\/types\/page"}],"author":[{"embeddable":true,"href":"https:\/\/www.farmaciavila.com\/es\/wp-json\/wp\/v2\/users\/1"}],"replies":[{"embeddable":true,"href":"https:\/\/www.farmaciavila.com\/es\/wp-json\/wp\/v2\/comments?post=149"}],"version-history":[{"count":112,"href":"https:\/\/www.farmaciavila.com\/es\/wp-json\/wp\/v2\/pages\/149\/revisions"}],"predecessor-version":[{"id":624,"href":"https:\/\/www.farmaciavila.com\/es\/wp-json\/wp\/v2\/pages\/149\/revisions\/624"}],"wp:attachment":[{"href":"https:\/\/www.farmaciavila.com\/es\/wp-json\/wp\/v2\/media?parent=149"}],"curies":[{"name":"wp","href":"https:\/\/api.w.org\/{rel}","templated":true}]}}