{"id":25,"date":"2015-07-08T08:00:18","date_gmt":"2015-07-08T08:00:18","guid":{"rendered":"http:\/\/farmacies.ecoceutics.com\/?page_id=25"},"modified":"2021-09-22T11:08:36","modified_gmt":"2021-09-22T11:08:36","slug":"quienes-somos","status":"publish","type":"page","link":"https:\/\/www.farmaciavila.com\/es\/quienes-somos\/","title":{"rendered":"Qui\u00e9nes somos\/"},"content":{"rendered":"<p>[vc_row full_width=\u00bb\u00bb parallax=\u00bb\u00bb parallax_image=\u00bb\u00bb has_content=\u00bbtrue\u00bb][vc_column width=\u00bb1\/4&#8243;][vc_column_text]<a href=\"http:\/\/www.farmaciavila.com\/es\/wp-content\/uploads\/sites\/10\/2015\/07\/francesc-vila.jpg\"><img loading=\"lazy\" decoding=\"async\" class=\"alignnone size-full wp-image-597\" src=\"http:\/\/www.farmaciavila.com\/es\/wp-content\/uploads\/sites\/10\/2015\/07\/francesc-vila.jpg\" alt=\"francesc-vila\" width=\"262\" height=\"222\" \/><\/a><\/p>\n<p>&nbsp;<\/p>\n<p><a href=\"http:\/\/www.farmaciavila.com\/es\/wp-content\/uploads\/sites\/10\/2015\/07\/Equip-presi-qui-som.jpg\"><img loading=\"lazy\" decoding=\"async\" class=\"alignnone size-full wp-image-599\" src=\"http:\/\/www.farmaciavila.com\/es\/wp-content\/uploads\/sites\/10\/2015\/07\/Equip-presi-qui-som.jpg\" alt=\"Equip-presi-qui-som\" width=\"262\" height=\"222\" \/><\/a>[\/vc_column_text][\/vc_column][vc_column width=\u00bb3\/4&#8243;][vc_column_text]El 4 de Marzo de 1996, hace 16 a\u00f1os, Francesc y Albert Inauguraron la farmacia con mucha ilusi\u00f3n. Un a\u00f1o m\u00e1s tarde se incorpor\u00f3 Anna con muchas ganas de sustituir a Albert. Por el a\u00f1o 2002 lleg\u00f3 Esther para hacer las pr\u00e1cticas con nosotros y se qued\u00f3. Finalmente en el a\u00f1o 2006, Alba despu\u00e9s de hacer las pr\u00e1cticas se incorpor\u00f3 a la farmacia. Desde 2006, nosotros 4 somos los que formamos el equipo de la farmacia. Un equipo con muchas ganas de trabajar, con ilusi\u00f3n, que cada d\u00eda pone todo su empe\u00f1o para satisfacer a nuestros clientes.<\/p>\n<p>&nbsp;<\/p>\n<p><strong>Farmacia Vil\u00e0<\/strong> es un espacio de salud i bienestar que, con voluntad emprendedora, ponemos nuestros conociemientos i esfuerzos en un poyecto innovador para mejorar la calidad de vida de nuestros clientes. Nuestro compromiso es, a partir de un equipo experto profesional poner al alcance de nuestros clientes todas las soluciones posibles para su salud, prevenci\u00f3n y bienestar.<\/p>\n<p>&nbsp;<\/p>\n<p>El equipo:<\/p>\n<ul>\n<li><strong>Francesc Vil\u00e0.<\/strong> Farmac\u00e9utico titulado. M\u00e1ster en gesti\u00f3n de farmacia. Expero en analisis cl\u00ednico.<\/li>\n<li><strong>Esther Rubio.<\/strong> Aux. Farmacia. Curos de ortopedia impartido por COFB (experta en o.deportiva), curso de redes sociales impartido por Sartia y experta en linea infantil.<\/li>\n<li><strong>Alba Bellido.<\/strong> Aux. Farmacia. Experta en cosm\u00e9tica y maquillaje, curso IMAGEN 360, curso \u00abprogramaci\u00f3n internacional de Flores de Bach\u00bb.<\/li>\n<\/ul>\n<p>[\/vc_column_text][\/vc_column][\/vc_row]<\/p>\n","protected":false},"excerpt":{"rendered":"<p>[vc_row full_width=\u00bb\u00bb parallax=\u00bb\u00bb parallax_image=\u00bb\u00bb has_content=\u00bbtrue\u00bb][vc_column width=\u00bb1\/4&#8243;][vc_column_text] &nbsp; [\/vc_column_text][\/vc_column][vc_column width=\u00bb3\/4&#8243;][vc_column_text]El 4 de Marzo de 1996, hace 16 a\u00f1os, Francesc y Albert Inauguraron la farmacia con mucha ilusi\u00f3n. Un a\u00f1o m\u00e1s tarde se incorpor\u00f3 Anna con muchas ganas de sustituir a Albert&#8230;.<\/p>\n","protected":false},"author":1,"featured_media":0,"parent":0,"menu_order":0,"comment_status":"open","ping_status":"open","template":"","meta":{"footnotes":""},"class_list":["post-25","page","type-page","status-publish","hentry"],"_links":{"self":[{"href":"https:\/\/www.farmaciavila.com\/es\/wp-json\/wp\/v2\/pages\/25","targetHints":{"allow":["GET"]}}],"collection":[{"href":"https:\/\/www.farmaciavila.com\/es\/wp-json\/wp\/v2\/pages"}],"about":[{"href":"https:\/\/www.farmaciavila.com\/es\/wp-json\/wp\/v2\/types\/page"}],"author":[{"embeddable":true,"href":"https:\/\/www.farmaciavila.com\/es\/wp-json\/wp\/v2\/users\/1"}],"replies":[{"embeddable":true,"href":"https:\/\/www.farmaciavila.com\/es\/wp-json\/wp\/v2\/comments?post=25"}],"version-history":[{"count":10,"href":"https:\/\/www.farmaciavila.com\/es\/wp-json\/wp\/v2\/pages\/25\/revisions"}],"predecessor-version":[{"id":601,"href":"https:\/\/www.farmaciavila.com\/es\/wp-json\/wp\/v2\/pages\/25\/revisions\/601"}],"wp:attachment":[{"href":"https:\/\/www.farmaciavila.com\/es\/wp-json\/wp\/v2\/media?parent=25"}],"curies":[{"name":"wp","href":"https:\/\/api.w.org\/{rel}","templated":true}]}}